{"id":4267,"date":"2025-06-09T10:06:04","date_gmt":"2025-06-09T08:06:04","guid":{"rendered":"https:\/\/lespaniersdecha.fr\/?post_type=product&#038;p=4267"},"modified":"2025-12-03T14:03:23","modified_gmt":"2025-12-03T13:03:23","slug":"panier-a-linge-propre-la-blanchisseuse","status":"publish","type":"product","link":"https:\/\/lespaniersdecha.fr\/index.php\/produit\/panier-a-linge-propre-la-blanchisseuse\/","title":{"rendered":"Panier \u00e0 linge propre : la Blanchisseuse"},"content":{"rendered":"<p>Traditionnel panier \u00e0 linge propre, la blanchisseuse est tr\u00e8s l\u00e9g\u00e8re et solide, tout en vannerie ajour\u00e9e. La bordure est simple, avec 2 poign\u00e9es blanches \u00e0 chaque bout.<\/p>\n<p><strong>3 tailles disponibles :<\/strong><\/p>\n<ul>\n<li>n\u00b012 : fond : ~35*25 cm\u00a0 ouverture : ~48*34 cm hauteur ~29 cm<\/li>\n<li>n\u00b014 : fond : ~40*27 cm\u00a0 ouverture : ~52*37 cm hauteur ~31 cm<\/li>\n<li>n\u00b016: fond : ~45*30 cm\u00a0 ouverture : ~58*40 cm hauteur ~33 cm.<\/li>\n<\/ul>\n<p><em>La fabrication est artisanale, les <strong>dimensions finales peuvent varier<\/strong> de quelques centim\u00e8tres.<\/em><\/p>\n<p><strong>\u00a02 mod\u00e8les<\/strong> <strong>disponibles :<\/strong><\/p>\n<ul>\n<li>blanc<\/li>\n<li>blanc et brut (montants verticaux bruts, traces horizontales blanches, poign\u00e9es blanches)<\/li>\n<\/ul>\n<p>Des options sont possibles,<strong> contactez-moi<\/strong> :<\/p>\n<ul>\n<li><strong>Bordure natt\u00e9e (+15\u20ac)<\/strong><\/li>\n<li><strong>Anse centrale (+15\u20ac) <\/strong>afin de tenir le panier d&rsquo;une seule main<\/li>\n<li><strong>2 pieds en bois (+12\u20ac)<\/strong> sous le fond afin d&rsquo;\u00e9viter d\u2019abimer le fond trop rapidement<\/li>\n<li><strong>tailles personnalis\u00e9es<\/strong><\/li>\n<\/ul>\n<p><strong>Le d\u00e9lai de livraison est de 5 semaines.<\/strong><\/p>\n","protected":false},"excerpt":{"rendered":"<p>Traditionnel panier \u00e0 linge propre, la blanchisseuse est tr\u00e8s l\u00e9g\u00e8re et solide, tout en vannerie ajour\u00e9e. La bordure est simple, avec 2 poign\u00e9es blanches \u00e0 chaque bout. 3 tailles disponibles : n\u00b012 : fond : ~35*25 cm\u00a0 ouverture : ~48*34 cm hauteur ~29 cm n\u00b014 : fond : ~40*27 cm\u00a0 ouverture : ~52*37 cm hauteur [&hellip;]<\/p>\n","protected":false},"featured_media":1827,"template":"","meta":{"site-sidebar-layout":"default","site-content-layout":"","ast-site-content-layout":"default","site-content-style":"default","site-sidebar-style":"default","ast-global-header-display":"","ast-banner-title-visibility":"","ast-main-header-display":"","ast-hfb-above-header-display":"","ast-hfb-below-header-display":"","ast-hfb-mobile-header-display":"","site-post-title":"","ast-breadcrumbs-content":"","ast-featured-img":"","footer-sml-layout":"","theme-transparent-header-meta":"default","adv-header-id-meta":"","stick-header-meta":"","header-above-stick-meta":"","header-main-stick-meta":"","header-below-stick-meta":"","astra-migrate-meta-layouts":"set","ast-page-background-enabled":"default","ast-page-background-meta":{"desktop":{"background-color":"var(--ast-global-color-4)","background-image":"","background-repeat":"repeat","background-position":"center center","background-size":"auto","background-attachment":"scroll","background-type":"","background-media":"","overlay-type":"","overlay-color":"","overlay-opacity":"","overlay-gradient":""},"tablet":{"background-color":"","background-image":"","background-repeat":"repeat","background-position":"center center","background-size":"auto","background-attachment":"scroll","background-type":"","background-media":"","overlay-type":"","overlay-color":"","overlay-opacity":"","overlay-gradient":""},"mobile":{"background-color":"","background-image":"","background-repeat":"repeat","background-position":"center center","background-size":"auto","background-attachment":"scroll","background-type":"","background-media":"","overlay-type":"","overlay-color":"","overlay-opacity":"","overlay-gradient":""}},"ast-content-background-meta":{"desktop":{"background-color":"var(--ast-global-color-5)","background-image":"","background-repeat":"repeat","background-position":"center center","background-size":"auto","background-attachment":"scroll","background-type":"","background-media":"","overlay-type":"","overlay-color":"","overlay-opacity":"","overlay-gradient":""},"tablet":{"background-color":"var(--ast-global-color-5)","background-image":"","background-repeat":"repeat","background-position":"center center","background-size":"auto","background-attachment":"scroll","background-type":"","background-media":"","overlay-type":"","overlay-color":"","overlay-opacity":"","overlay-gradient":""},"mobile":{"background-color":"var(--ast-global-color-5)","background-image":"","background-repeat":"repeat","background-position":"center center","background-size":"auto","background-attachment":"scroll","background-type":"","background-media":"","overlay-type":"","overlay-color":"","overlay-opacity":"","overlay-gradient":""}}},"product_brand":[],"product_cat":[58],"product_tag":[45],"class_list":{"0":"post-4267","1":"product","2":"type-product","3":"status-publish","4":"has-post-thumbnail","6":"product_cat-panier-a-linge","7":"product_tag-panier-a-linge","8":"desktop-align-center","9":"tablet-align-left","10":"mobile-align-left","12":"first","13":"instock","14":"shipping-taxable","15":"purchasable","16":"product-type-variable"},"yoast_head":"<!-- This site is optimized with the Yoast SEO plugin v23.3 - https:\/\/yoast.com\/wordpress\/plugins\/seo\/ -->\n<title>Panier \u00e0 linge propre : la Blanchisseuse - Les Paniers de Cha<\/title>\n<meta name=\"description\" content=\"Panier \u00e0 linge propre : la Blanchisseuse - Les Paniers de Cha\" \/>\n<meta name=\"robots\" content=\"index, follow, max-snippet:-1, max-image-preview:large, max-video-preview:-1\" \/>\n<link rel=\"canonical\" href=\"https:\/\/lespaniersdecha.fr\/index.php\/produit\/panier-a-linge-propre-la-blanchisseuse\/\" \/>\n<meta property=\"og:locale\" content=\"fr_FR\" \/>\n<meta property=\"og:type\" content=\"article\" \/>\n<meta property=\"og:title\" content=\"Panier \u00e0 linge propre : la Blanchisseuse - Les Paniers de Cha\" \/>\n<meta property=\"og:description\" content=\"Panier \u00e0 linge propre : la Blanchisseuse - Les Paniers de Cha\" \/>\n<meta property=\"og:url\" content=\"https:\/\/lespaniersdecha.fr\/index.php\/produit\/panier-a-linge-propre-la-blanchisseuse\/\" \/>\n<meta property=\"og:site_name\" content=\"Les Paniers de Cha\" \/>\n<meta property=\"article:publisher\" content=\"https:\/\/www.facebook.com\/p\/Les-Paniers-de-Cha-100063830760896\/\" \/>\n<meta property=\"article:modified_time\" content=\"2025-12-03T13:03:23+00:00\" \/>\n<meta property=\"og:image\" content=\"http:\/\/lespaniersdecha.fr\/wp-content\/uploads\/2024\/07\/vannerie-ajouree-osier-les-paniers-de-cha-blanchisseuses-scaled.jpg\" \/>\n\t<meta property=\"og:image:width\" content=\"1920\" \/>\n\t<meta property=\"og:image:height\" content=\"2560\" \/>\n\t<meta property=\"og:image:type\" content=\"image\/jpeg\" \/>\n<meta name=\"twitter:card\" content=\"summary_large_image\" \/>\n<meta name=\"twitter:label1\" content=\"Dur\u00e9e de lecture estim\u00e9e\" \/>\n\t<meta name=\"twitter:data1\" content=\"1 minute\" \/>\n<script type=\"application\/ld+json\" class=\"yoast-schema-graph\">{\"@context\":\"https:\/\/schema.org\",\"@graph\":[{\"@type\":\"WebPage\",\"@id\":\"https:\/\/lespaniersdecha.fr\/index.php\/produit\/panier-a-linge-propre-la-blanchisseuse\/\",\"url\":\"https:\/\/lespaniersdecha.fr\/index.php\/produit\/panier-a-linge-propre-la-blanchisseuse\/\",\"name\":\"Panier \u00e0 linge propre : la Blanchisseuse - Les Paniers de Cha\",\"isPartOf\":{\"@id\":\"https:\/\/lespaniersdecha.fr\/#website\"},\"primaryImageOfPage\":{\"@id\":\"https:\/\/lespaniersdecha.fr\/index.php\/produit\/panier-a-linge-propre-la-blanchisseuse\/#primaryimage\"},\"image\":{\"@id\":\"https:\/\/lespaniersdecha.fr\/index.php\/produit\/panier-a-linge-propre-la-blanchisseuse\/#primaryimage\"},\"thumbnailUrl\":\"https:\/\/lespaniersdecha.fr\/wp-content\/uploads\/2024\/07\/vannerie-ajouree-osier-les-paniers-de-cha-blanchisseuses-scaled.jpg\",\"datePublished\":\"2025-06-09T08:06:04+00:00\",\"dateModified\":\"2025-12-03T13:03:23+00:00\",\"description\":\"Panier \u00e0 linge propre : la Blanchisseuse - Les Paniers de Cha\",\"breadcrumb\":{\"@id\":\"https:\/\/lespaniersdecha.fr\/index.php\/produit\/panier-a-linge-propre-la-blanchisseuse\/#breadcrumb\"},\"inLanguage\":\"fr-FR\",\"potentialAction\":[{\"@type\":\"ReadAction\",\"target\":[\"https:\/\/lespaniersdecha.fr\/index.php\/produit\/panier-a-linge-propre-la-blanchisseuse\/\"]}]},{\"@type\":\"ImageObject\",\"inLanguage\":\"fr-FR\",\"@id\":\"https:\/\/lespaniersdecha.fr\/index.php\/produit\/panier-a-linge-propre-la-blanchisseuse\/#primaryimage\",\"url\":\"https:\/\/lespaniersdecha.fr\/wp-content\/uploads\/2024\/07\/vannerie-ajouree-osier-les-paniers-de-cha-blanchisseuses-scaled.jpg\",\"contentUrl\":\"https:\/\/lespaniersdecha.fr\/wp-content\/uploads\/2024\/07\/vannerie-ajouree-osier-les-paniers-de-cha-blanchisseuses-scaled.jpg\",\"width\":1920,\"height\":2560,\"caption\":\"Blanchisseuses panier ajour\u00e9 \u00e0 linge propre\"},{\"@type\":\"BreadcrumbList\",\"@id\":\"https:\/\/lespaniersdecha.fr\/index.php\/produit\/panier-a-linge-propre-la-blanchisseuse\/#breadcrumb\",\"itemListElement\":[{\"@type\":\"ListItem\",\"position\":1,\"name\":\"Accueil\",\"item\":\"https:\/\/lespaniersdecha.fr\/\"},{\"@type\":\"ListItem\",\"position\":2,\"name\":\"Boutique\",\"item\":\"https:\/\/lespaniersdecha.fr\/index.php\/boutique\/\"},{\"@type\":\"ListItem\",\"position\":3,\"name\":\"Panier \u00e0 linge propre : la Blanchisseuse\"}]},{\"@type\":\"WebSite\",\"@id\":\"https:\/\/lespaniersdecha.fr\/#website\",\"url\":\"https:\/\/lespaniersdecha.fr\/\",\"name\":\"Les Paniers de Cha\",\"description\":\"Les Paniers de Cha - vannerie artisanale, traditionnelle et contemporaine, stage et ateliers\",\"potentialAction\":[{\"@type\":\"SearchAction\",\"target\":{\"@type\":\"EntryPoint\",\"urlTemplate\":\"https:\/\/lespaniersdecha.fr\/?s={search_term_string}\"},\"query-input\":\"required name=search_term_string\"}],\"inLanguage\":\"fr-FR\"}]}<\/script>\n<!-- \/ Yoast SEO plugin. -->","yoast_head_json":{"title":"Panier \u00e0 linge propre : la Blanchisseuse - Les Paniers de Cha","description":"Panier \u00e0 linge propre : la Blanchisseuse - Les Paniers de Cha","robots":{"index":"index","follow":"follow","max-snippet":"max-snippet:-1","max-image-preview":"max-image-preview:large","max-video-preview":"max-video-preview:-1"},"canonical":"https:\/\/lespaniersdecha.fr\/index.php\/produit\/panier-a-linge-propre-la-blanchisseuse\/","og_locale":"fr_FR","og_type":"article","og_title":"Panier \u00e0 linge propre : la Blanchisseuse - Les Paniers de Cha","og_description":"Panier \u00e0 linge propre : la Blanchisseuse - Les Paniers de Cha","og_url":"https:\/\/lespaniersdecha.fr\/index.php\/produit\/panier-a-linge-propre-la-blanchisseuse\/","og_site_name":"Les Paniers de Cha","article_publisher":"https:\/\/www.facebook.com\/p\/Les-Paniers-de-Cha-100063830760896\/","article_modified_time":"2025-12-03T13:03:23+00:00","og_image":[{"width":1920,"height":2560,"url":"http:\/\/lespaniersdecha.fr\/wp-content\/uploads\/2024\/07\/vannerie-ajouree-osier-les-paniers-de-cha-blanchisseuses-scaled.jpg","type":"image\/jpeg"}],"twitter_card":"summary_large_image","twitter_misc":{"Dur\u00e9e de lecture estim\u00e9e":"1 minute"},"schema":{"@context":"https:\/\/schema.org","@graph":[{"@type":"WebPage","@id":"https:\/\/lespaniersdecha.fr\/index.php\/produit\/panier-a-linge-propre-la-blanchisseuse\/","url":"https:\/\/lespaniersdecha.fr\/index.php\/produit\/panier-a-linge-propre-la-blanchisseuse\/","name":"Panier \u00e0 linge propre : la Blanchisseuse - Les Paniers de Cha","isPartOf":{"@id":"https:\/\/lespaniersdecha.fr\/#website"},"primaryImageOfPage":{"@id":"https:\/\/lespaniersdecha.fr\/index.php\/produit\/panier-a-linge-propre-la-blanchisseuse\/#primaryimage"},"image":{"@id":"https:\/\/lespaniersdecha.fr\/index.php\/produit\/panier-a-linge-propre-la-blanchisseuse\/#primaryimage"},"thumbnailUrl":"https:\/\/lespaniersdecha.fr\/wp-content\/uploads\/2024\/07\/vannerie-ajouree-osier-les-paniers-de-cha-blanchisseuses-scaled.jpg","datePublished":"2025-06-09T08:06:04+00:00","dateModified":"2025-12-03T13:03:23+00:00","description":"Panier \u00e0 linge propre : la Blanchisseuse - Les Paniers de Cha","breadcrumb":{"@id":"https:\/\/lespaniersdecha.fr\/index.php\/produit\/panier-a-linge-propre-la-blanchisseuse\/#breadcrumb"},"inLanguage":"fr-FR","potentialAction":[{"@type":"ReadAction","target":["https:\/\/lespaniersdecha.fr\/index.php\/produit\/panier-a-linge-propre-la-blanchisseuse\/"]}]},{"@type":"ImageObject","inLanguage":"fr-FR","@id":"https:\/\/lespaniersdecha.fr\/index.php\/produit\/panier-a-linge-propre-la-blanchisseuse\/#primaryimage","url":"https:\/\/lespaniersdecha.fr\/wp-content\/uploads\/2024\/07\/vannerie-ajouree-osier-les-paniers-de-cha-blanchisseuses-scaled.jpg","contentUrl":"https:\/\/lespaniersdecha.fr\/wp-content\/uploads\/2024\/07\/vannerie-ajouree-osier-les-paniers-de-cha-blanchisseuses-scaled.jpg","width":1920,"height":2560,"caption":"Blanchisseuses panier ajour\u00e9 \u00e0 linge propre"},{"@type":"BreadcrumbList","@id":"https:\/\/lespaniersdecha.fr\/index.php\/produit\/panier-a-linge-propre-la-blanchisseuse\/#breadcrumb","itemListElement":[{"@type":"ListItem","position":1,"name":"Accueil","item":"https:\/\/lespaniersdecha.fr\/"},{"@type":"ListItem","position":2,"name":"Boutique","item":"https:\/\/lespaniersdecha.fr\/index.php\/boutique\/"},{"@type":"ListItem","position":3,"name":"Panier \u00e0 linge propre : la Blanchisseuse"}]},{"@type":"WebSite","@id":"https:\/\/lespaniersdecha.fr\/#website","url":"https:\/\/lespaniersdecha.fr\/","name":"Les Paniers de Cha","description":"Les Paniers de Cha - vannerie artisanale, traditionnelle et contemporaine, stage et ateliers","potentialAction":[{"@type":"SearchAction","target":{"@type":"EntryPoint","urlTemplate":"https:\/\/lespaniersdecha.fr\/?s={search_term_string}"},"query-input":"required name=search_term_string"}],"inLanguage":"fr-FR"}]}},"jetpack_sharing_enabled":true,"_links":{"self":[{"href":"https:\/\/lespaniersdecha.fr\/index.php\/wp-json\/wp\/v2\/product\/4267","targetHints":{"allow":["GET"]}}],"collection":[{"href":"https:\/\/lespaniersdecha.fr\/index.php\/wp-json\/wp\/v2\/product"}],"about":[{"href":"https:\/\/lespaniersdecha.fr\/index.php\/wp-json\/wp\/v2\/types\/product"}],"wp:featuredmedia":[{"embeddable":true,"href":"https:\/\/lespaniersdecha.fr\/index.php\/wp-json\/wp\/v2\/media\/1827"}],"wp:attachment":[{"href":"https:\/\/lespaniersdecha.fr\/index.php\/wp-json\/wp\/v2\/media?parent=4267"}],"wp:term":[{"taxonomy":"product_brand","embeddable":true,"href":"https:\/\/lespaniersdecha.fr\/index.php\/wp-json\/wp\/v2\/product_brand?post=4267"},{"taxonomy":"product_cat","embeddable":true,"href":"https:\/\/lespaniersdecha.fr\/index.php\/wp-json\/wp\/v2\/product_cat?post=4267"},{"taxonomy":"product_tag","embeddable":true,"href":"https:\/\/lespaniersdecha.fr\/index.php\/wp-json\/wp\/v2\/product_tag?post=4267"}],"curies":[{"name":"wp","href":"https:\/\/api.w.org\/{rel}","templated":true}]}}