{"id":3490,"date":"2024-10-28T16:48:12","date_gmt":"2024-10-28T15:48:12","guid":{"rendered":"https:\/\/lespaniersdecha.fr\/?post_type=product&#038;p=3490"},"modified":"2025-10-26T12:42:15","modified_gmt":"2025-10-26T11:42:15","slug":"charmotte-taille-moyenne","status":"publish","type":"product","link":"https:\/\/lespaniersdecha.fr\/index.php\/produit\/charmotte-taille-moyenne\/","title":{"rendered":"Charmotte"},"content":{"rendered":"<p>Charmotte, traditionnel<strong> panier de cueillette<\/strong>, originaire de Fougerolles pour la cueillette des cerises. Bordure simple, et bandouli\u00e8re en coton, r\u00e9glable.<\/p>\n<p>Convient tr\u00e8s bien pour tous types de fruits, plantes, champignons, ou vos petites affaires.<\/p>\n<p>L&rsquo;arri\u00e8re de la charmotte \u00e9pouse la forme de la hanche.<\/p>\n<p><strong>3 tailles disponibles :\u00a0<\/strong><\/p>\n<ul>\n<li><strong>petite<\/strong> : fond ~24*18cm; ouverture ~30*17cm; hauteur ~24cm; ~8 litres<\/li>\n<li><strong>moyenne<\/strong> : fond ~29*18cm; ouverture ~32*20cm; hauteur ~26cm; ~16 litres<\/li>\n<li><strong>grande<\/strong> : fond ~31*19cm; ouverture ~40*20cm; hauteur ~30cm; ~21 litres<\/li>\n<\/ul>\n<p><em>La fabrication est artisanale, les <strong>dimensions finales peuvent varier<\/strong> de quelques centim\u00e8tres.<\/em><\/p>\n<p><strong>4 mod\u00e8les disponibles :\u00a0<\/strong><\/p>\n<ul>\n<li>blanc<\/li>\n<li>brut<\/li>\n<li>blanc et brut<\/li>\n<li>bicolore (un brin blanc et un brin brut tress\u00e9s ensemble pour un effet \u00ab\u00a0tigr\u00e9\u00a0\u00bb)<\/li>\n<\/ul>\n<p>L\u2019osier blanc est obtenu apr\u00e8s \u00e9pluchage de l\u2019osier, l\u2019\u00e9corce est retir\u00e9 du brin.<\/p>\n<p>L\u2019osier brut est l\u2019osier s\u00e9ch\u00e9 avec l\u2019\u00e9corce, ce qui donne la couleur au panier, selon les vari\u00e9t\u00e9s, les couleurs peuvent changer.<\/p>\n<p><strong>Des options sont possibles, contactez-moi<\/strong> :<\/p>\n<ul>\n<li>Bandouli\u00e8re en cuir souple r\u00e9glable<\/li>\n<li>Bandouli\u00e8re en cuir \u00e9pais r\u00e9glable (+15\u20ac)<\/li>\n<li>Charmotte sans bandouli\u00e8re (-15\u20ac)<\/li>\n<\/ul>\n<p>Sans pr\u00e9cisions de votre part, les couleurs, les motifs ainsi que la couleur des bandouli\u00e8res seront choisis en fonction des disponibilit\u00e9s actuelles et de l\u2019harmonie g\u00e9n\u00e9rale du panier.<\/p>\n<p><strong>N&rsquo;h\u00e9sitez pas \u00e0 me contacter pour un mod\u00e8le pr\u00e9cis.<\/strong><\/p>\n<p><strong>Le d\u00e9lai de livraison est de 5 semaines.<\/strong><\/p>\n<p>&nbsp;<\/p>\n<p>&nbsp;<\/p>\n","protected":false},"excerpt":{"rendered":"<p>Charmotte, traditionnel panier de cueillette, originaire de Fougerolles pour la cueillette des cerises. Bordure simple, et bandouli\u00e8re en coton, r\u00e9glable. Convient tr\u00e8s bien pour tous types de fruits, plantes, champignons, ou vos petites affaires. L&rsquo;arri\u00e8re de la charmotte \u00e9pouse la forme de la hanche. 3 tailles disponibles :\u00a0 petite : fond ~24*18cm; ouverture ~30*17cm; hauteur [&hellip;]<\/p>\n","protected":false},"featured_media":4500,"template":"","meta":{"site-sidebar-layout":"default","site-content-layout":"","ast-site-content-layout":"default","site-content-style":"default","site-sidebar-style":"default","ast-global-header-display":"","ast-banner-title-visibility":"","ast-main-header-display":"","ast-hfb-above-header-display":"","ast-hfb-below-header-display":"","ast-hfb-mobile-header-display":"","site-post-title":"","ast-breadcrumbs-content":"","ast-featured-img":"","footer-sml-layout":"","theme-transparent-header-meta":"default","adv-header-id-meta":"","stick-header-meta":"","header-above-stick-meta":"","header-main-stick-meta":"","header-below-stick-meta":"","astra-migrate-meta-layouts":"set","ast-page-background-enabled":"default","ast-page-background-meta":{"desktop":{"background-color":"var(--ast-global-color-4)","background-image":"","background-repeat":"repeat","background-position":"center center","background-size":"auto","background-attachment":"scroll","background-type":"","background-media":"","overlay-type":"","overlay-color":"","overlay-opacity":"","overlay-gradient":""},"tablet":{"background-color":"","background-image":"","background-repeat":"repeat","background-position":"center center","background-size":"auto","background-attachment":"scroll","background-type":"","background-media":"","overlay-type":"","overlay-color":"","overlay-opacity":"","overlay-gradient":""},"mobile":{"background-color":"","background-image":"","background-repeat":"repeat","background-position":"center center","background-size":"auto","background-attachment":"scroll","background-type":"","background-media":"","overlay-type":"","overlay-color":"","overlay-opacity":"","overlay-gradient":""}},"ast-content-background-meta":{"desktop":{"background-color":"var(--ast-global-color-5)","background-image":"","background-repeat":"repeat","background-position":"center center","background-size":"auto","background-attachment":"scroll","background-type":"","background-media":"","overlay-type":"","overlay-color":"","overlay-opacity":"","overlay-gradient":""},"tablet":{"background-color":"var(--ast-global-color-5)","background-image":"","background-repeat":"repeat","background-position":"center center","background-size":"auto","background-attachment":"scroll","background-type":"","background-media":"","overlay-type":"","overlay-color":"","overlay-opacity":"","overlay-gradient":""},"mobile":{"background-color":"var(--ast-global-color-5)","background-image":"","background-repeat":"repeat","background-position":"center center","background-size":"auto","background-attachment":"scroll","background-type":"","background-media":"","overlay-type":"","overlay-color":"","overlay-opacity":"","overlay-gradient":""}}},"product_brand":[],"product_cat":[31],"product_tag":[37,49,53],"class_list":{"0":"post-3490","1":"product","2":"type-product","3":"status-publish","4":"has-post-thumbnail","6":"product_cat-charmotte","7":"product_tag-panier-a-champignon","8":"product_tag-panier-a-provision","9":"product_tag-panier-de-cueillette","10":"desktop-align-center","11":"tablet-align-left","12":"mobile-align-left","14":"first","15":"instock","16":"shipping-taxable","17":"purchasable","18":"product-type-variable"},"yoast_head":"<!-- This site is optimized with the Yoast SEO plugin v23.3 - https:\/\/yoast.com\/wordpress\/plugins\/seo\/ -->\n<title>Charmotte - Les Paniers de Cha<\/title>\n<meta name=\"description\" content=\"Charmotte - Les Paniers de Cha\" \/>\n<meta name=\"robots\" content=\"index, follow, max-snippet:-1, max-image-preview:large, max-video-preview:-1\" \/>\n<link rel=\"canonical\" href=\"https:\/\/lespaniersdecha.fr\/index.php\/produit\/charmotte-taille-moyenne\/\" \/>\n<meta property=\"og:locale\" content=\"fr_FR\" \/>\n<meta property=\"og:type\" content=\"article\" \/>\n<meta property=\"og:title\" content=\"Charmotte - Les Paniers de Cha\" \/>\n<meta property=\"og:description\" content=\"Charmotte - Les Paniers de Cha\" \/>\n<meta property=\"og:url\" content=\"https:\/\/lespaniersdecha.fr\/index.php\/produit\/charmotte-taille-moyenne\/\" \/>\n<meta property=\"og:site_name\" content=\"Les Paniers de Cha\" \/>\n<meta property=\"article:publisher\" content=\"https:\/\/www.facebook.com\/p\/Les-Paniers-de-Cha-100063830760896\/\" \/>\n<meta property=\"article:modified_time\" content=\"2025-10-26T11:42:15+00:00\" \/>\n<meta property=\"og:image\" content=\"http:\/\/lespaniersdecha.fr\/wp-content\/uploads\/2024\/10\/charmotte-moyenne-daphno3-1.jpg\" \/>\n\t<meta property=\"og:image:width\" content=\"2000\" \/>\n\t<meta property=\"og:image:height\" content=\"1126\" \/>\n\t<meta property=\"og:image:type\" content=\"image\/jpeg\" \/>\n<meta name=\"twitter:card\" content=\"summary_large_image\" \/>\n<meta name=\"twitter:label1\" content=\"Dur\u00e9e de lecture estim\u00e9e\" \/>\n\t<meta name=\"twitter:data1\" content=\"2 minutes\" \/>\n<script type=\"application\/ld+json\" class=\"yoast-schema-graph\">{\"@context\":\"https:\/\/schema.org\",\"@graph\":[{\"@type\":\"WebPage\",\"@id\":\"https:\/\/lespaniersdecha.fr\/index.php\/produit\/charmotte-taille-moyenne\/\",\"url\":\"https:\/\/lespaniersdecha.fr\/index.php\/produit\/charmotte-taille-moyenne\/\",\"name\":\"Charmotte - Les Paniers de Cha\",\"isPartOf\":{\"@id\":\"https:\/\/lespaniersdecha.fr\/#website\"},\"primaryImageOfPage\":{\"@id\":\"https:\/\/lespaniersdecha.fr\/index.php\/produit\/charmotte-taille-moyenne\/#primaryimage\"},\"image\":{\"@id\":\"https:\/\/lespaniersdecha.fr\/index.php\/produit\/charmotte-taille-moyenne\/#primaryimage\"},\"thumbnailUrl\":\"https:\/\/lespaniersdecha.fr\/wp-content\/uploads\/2024\/10\/charmotte-moyenne-daphno3-1.jpg\",\"datePublished\":\"2024-10-28T15:48:12+00:00\",\"dateModified\":\"2025-10-26T11:42:15+00:00\",\"description\":\"Charmotte - Les Paniers de Cha\",\"breadcrumb\":{\"@id\":\"https:\/\/lespaniersdecha.fr\/index.php\/produit\/charmotte-taille-moyenne\/#breadcrumb\"},\"inLanguage\":\"fr-FR\",\"potentialAction\":[{\"@type\":\"ReadAction\",\"target\":[\"https:\/\/lespaniersdecha.fr\/index.php\/produit\/charmotte-taille-moyenne\/\"]}]},{\"@type\":\"ImageObject\",\"inLanguage\":\"fr-FR\",\"@id\":\"https:\/\/lespaniersdecha.fr\/index.php\/produit\/charmotte-taille-moyenne\/#primaryimage\",\"url\":\"https:\/\/lespaniersdecha.fr\/wp-content\/uploads\/2024\/10\/charmotte-moyenne-daphno3-1.jpg\",\"contentUrl\":\"https:\/\/lespaniersdecha.fr\/wp-content\/uploads\/2024\/10\/charmotte-moyenne-daphno3-1.jpg\",\"width\":2000,\"height\":1126,\"caption\":\"charmotte moyenne daphno\"},{\"@type\":\"BreadcrumbList\",\"@id\":\"https:\/\/lespaniersdecha.fr\/index.php\/produit\/charmotte-taille-moyenne\/#breadcrumb\",\"itemListElement\":[{\"@type\":\"ListItem\",\"position\":1,\"name\":\"Accueil\",\"item\":\"https:\/\/lespaniersdecha.fr\/\"},{\"@type\":\"ListItem\",\"position\":2,\"name\":\"Boutique\",\"item\":\"https:\/\/lespaniersdecha.fr\/index.php\/boutique\/\"},{\"@type\":\"ListItem\",\"position\":3,\"name\":\"Charmotte\"}]},{\"@type\":\"WebSite\",\"@id\":\"https:\/\/lespaniersdecha.fr\/#website\",\"url\":\"https:\/\/lespaniersdecha.fr\/\",\"name\":\"Les Paniers de Cha\",\"description\":\"Les Paniers de Cha - vannerie artisanale, traditionnelle et contemporaine, stage et ateliers\",\"potentialAction\":[{\"@type\":\"SearchAction\",\"target\":{\"@type\":\"EntryPoint\",\"urlTemplate\":\"https:\/\/lespaniersdecha.fr\/?s={search_term_string}\"},\"query-input\":\"required name=search_term_string\"}],\"inLanguage\":\"fr-FR\"}]}<\/script>\n<!-- \/ Yoast SEO plugin. -->","yoast_head_json":{"title":"Charmotte - Les Paniers de Cha","description":"Charmotte - Les Paniers de Cha","robots":{"index":"index","follow":"follow","max-snippet":"max-snippet:-1","max-image-preview":"max-image-preview:large","max-video-preview":"max-video-preview:-1"},"canonical":"https:\/\/lespaniersdecha.fr\/index.php\/produit\/charmotte-taille-moyenne\/","og_locale":"fr_FR","og_type":"article","og_title":"Charmotte - Les Paniers de Cha","og_description":"Charmotte - Les Paniers de Cha","og_url":"https:\/\/lespaniersdecha.fr\/index.php\/produit\/charmotte-taille-moyenne\/","og_site_name":"Les Paniers de Cha","article_publisher":"https:\/\/www.facebook.com\/p\/Les-Paniers-de-Cha-100063830760896\/","article_modified_time":"2025-10-26T11:42:15+00:00","og_image":[{"width":2000,"height":1126,"url":"http:\/\/lespaniersdecha.fr\/wp-content\/uploads\/2024\/10\/charmotte-moyenne-daphno3-1.jpg","type":"image\/jpeg"}],"twitter_card":"summary_large_image","twitter_misc":{"Dur\u00e9e de lecture estim\u00e9e":"2 minutes"},"schema":{"@context":"https:\/\/schema.org","@graph":[{"@type":"WebPage","@id":"https:\/\/lespaniersdecha.fr\/index.php\/produit\/charmotte-taille-moyenne\/","url":"https:\/\/lespaniersdecha.fr\/index.php\/produit\/charmotte-taille-moyenne\/","name":"Charmotte - Les Paniers de Cha","isPartOf":{"@id":"https:\/\/lespaniersdecha.fr\/#website"},"primaryImageOfPage":{"@id":"https:\/\/lespaniersdecha.fr\/index.php\/produit\/charmotte-taille-moyenne\/#primaryimage"},"image":{"@id":"https:\/\/lespaniersdecha.fr\/index.php\/produit\/charmotte-taille-moyenne\/#primaryimage"},"thumbnailUrl":"https:\/\/lespaniersdecha.fr\/wp-content\/uploads\/2024\/10\/charmotte-moyenne-daphno3-1.jpg","datePublished":"2024-10-28T15:48:12+00:00","dateModified":"2025-10-26T11:42:15+00:00","description":"Charmotte - Les Paniers de Cha","breadcrumb":{"@id":"https:\/\/lespaniersdecha.fr\/index.php\/produit\/charmotte-taille-moyenne\/#breadcrumb"},"inLanguage":"fr-FR","potentialAction":[{"@type":"ReadAction","target":["https:\/\/lespaniersdecha.fr\/index.php\/produit\/charmotte-taille-moyenne\/"]}]},{"@type":"ImageObject","inLanguage":"fr-FR","@id":"https:\/\/lespaniersdecha.fr\/index.php\/produit\/charmotte-taille-moyenne\/#primaryimage","url":"https:\/\/lespaniersdecha.fr\/wp-content\/uploads\/2024\/10\/charmotte-moyenne-daphno3-1.jpg","contentUrl":"https:\/\/lespaniersdecha.fr\/wp-content\/uploads\/2024\/10\/charmotte-moyenne-daphno3-1.jpg","width":2000,"height":1126,"caption":"charmotte moyenne daphno"},{"@type":"BreadcrumbList","@id":"https:\/\/lespaniersdecha.fr\/index.php\/produit\/charmotte-taille-moyenne\/#breadcrumb","itemListElement":[{"@type":"ListItem","position":1,"name":"Accueil","item":"https:\/\/lespaniersdecha.fr\/"},{"@type":"ListItem","position":2,"name":"Boutique","item":"https:\/\/lespaniersdecha.fr\/index.php\/boutique\/"},{"@type":"ListItem","position":3,"name":"Charmotte"}]},{"@type":"WebSite","@id":"https:\/\/lespaniersdecha.fr\/#website","url":"https:\/\/lespaniersdecha.fr\/","name":"Les Paniers de Cha","description":"Les Paniers de Cha - vannerie artisanale, traditionnelle et contemporaine, stage et ateliers","potentialAction":[{"@type":"SearchAction","target":{"@type":"EntryPoint","urlTemplate":"https:\/\/lespaniersdecha.fr\/?s={search_term_string}"},"query-input":"required name=search_term_string"}],"inLanguage":"fr-FR"}]}},"jetpack_sharing_enabled":true,"_links":{"self":[{"href":"https:\/\/lespaniersdecha.fr\/index.php\/wp-json\/wp\/v2\/product\/3490","targetHints":{"allow":["GET"]}}],"collection":[{"href":"https:\/\/lespaniersdecha.fr\/index.php\/wp-json\/wp\/v2\/product"}],"about":[{"href":"https:\/\/lespaniersdecha.fr\/index.php\/wp-json\/wp\/v2\/types\/product"}],"wp:featuredmedia":[{"embeddable":true,"href":"https:\/\/lespaniersdecha.fr\/index.php\/wp-json\/wp\/v2\/media\/4500"}],"wp:attachment":[{"href":"https:\/\/lespaniersdecha.fr\/index.php\/wp-json\/wp\/v2\/media?parent=3490"}],"wp:term":[{"taxonomy":"product_brand","embeddable":true,"href":"https:\/\/lespaniersdecha.fr\/index.php\/wp-json\/wp\/v2\/product_brand?post=3490"},{"taxonomy":"product_cat","embeddable":true,"href":"https:\/\/lespaniersdecha.fr\/index.php\/wp-json\/wp\/v2\/product_cat?post=3490"},{"taxonomy":"product_tag","embeddable":true,"href":"https:\/\/lespaniersdecha.fr\/index.php\/wp-json\/wp\/v2\/product_tag?post=3490"}],"curies":[{"name":"wp","href":"https:\/\/api.w.org\/{rel}","templated":true}]}}